{"id":4546,"date":"2020-03-29T16:56:59","date_gmt":"2020-03-29T14:56:59","guid":{"rendered":"http:\/\/aeroclub-val-durance.fr\/?page_id=4546"},"modified":"2022-07-28T21:10:05","modified_gmt":"2022-07-28T19:10:05","slug":"equipe","status":"publish","type":"page","link":"https:\/\/aeroclub-val-durance.fr\/index.php\/equipe\/","title":{"rendered":"Equipe"},"content":{"rendered":"<div data-colibri-id=\"4546-c1\" class=\"style-773 style-local-4546-c1 position-relative\">\n  <!---->\n  <div data-colibri-component=\"section\" data-colibri-id=\"4546-c2\" id=\"team\" class=\"h-section h-section-global-spacing d-flex align-items-lg-center align-items-md-center align-items-center style-774 style-local-4546-c2 position-relative\">\n    <!---->\n    <!---->\n    <div class=\"h-section-grid-container h-section-boxed-container\">\n      <div data-colibri-id=\"4546-c28\" class=\"h-row-container gutters-row-lg-2 gutters-row-md-2 gutters-row-2 gutters-row-v-lg-2 gutters-row-v-md-2 gutters-row-v-2 style-786 style-local-4546-c28 position-relative\">\n        <!---->\n        <div class=\"h-row justify-content-lg-center justify-content-md-center justify-content-center align-items-lg-stretch align-items-md-stretch align-items-stretch gutters-col-lg-2 gutters-col-md-2 gutters-col-2 gutters-col-v-lg-2 gutters-col-v-md-2 gutters-col-v-2\">\n          <!---->\n          <div class=\"h-column h-column-container d-flex h-col-lg-auto h-col-md-auto h-col-auto style-787-outer style-local-4546-c29-outer\">\n            <div data-colibri-id=\"4546-c29\" class=\"d-flex h-flex-basis h-column__inner h-px-lg-2 h-px-md-2 h-px-2 v-inner-lg-2 v-inner-md-2 v-inner-2 style-787 style-local-4546-c29 position-relative\">\n              <!---->\n              <!---->\n              <div class=\"w-100 h-y-container h-column__content h-column__v-align flex-basis-100 align-self-lg-start align-self-md-start align-self-start\">\n                <!---->\n                <div data-colibri-id=\"4546-c30\" class=\"h-global-transition-all h-heading style-788 style-local-4546-c30 position-relative h-element\">\n                  <!---->\n                  <div class=\"h-heading__outer style-788 style-local-4546-c30\">\n                    <!---->\n                    <!---->\n                    <h2 class=\"\">Le Bureau Directeur<\/h2>\n                  <\/div>\n                <\/div>\n                <div data-colibri-id=\"4546-c31\" class=\"h-lead h-text h-text-component style-789 style-local-4546-c31 position-relative h-element\">\n                  <!---->\n                  <!---->\n                  <div class=\"\">\n                    <p>L&rsquo;a\u00e9roclub Val de Durance est administr\u00e9 par un Comit\u00e9 Directeur compos\u00e9 du Bureau Directeur et de 2 membres.\n                      <br>Tous sont \u00e9lus par l&rsquo;Assembl\u00e9e G\u00e9n\u00e9rale. Le mandat est de 4 ans\n                      <br>\n                    <\/p>\n                  <\/div>\n                <\/div>\n              <\/div>\n            <\/div>\n          <\/div>\n        <\/div>\n      <\/div>\n      <div data-colibri-id=\"4546-c3\" class=\"h-row-container gutters-row-lg-2 gutters-row-md-2 gutters-row-2 gutters-row-v-lg-2 gutters-row-v-md-2 gutters-row-v-2 style-775 style-local-4546-c3 position-relative\">\n        <!---->\n        <div class=\"h-row justify-content-lg-center justify-content-md-center justify-content-center align-items-lg-stretch align-items-md-stretch align-items-stretch gutters-col-lg-2 gutters-col-md-2 gutters-col-2 gutters-col-v-lg-2 gutters-col-v-md-2 gutters-col-v-2\">\n          <!---->\n          <div class=\"h-column h-column-container d-flex h-col-lg-3 h-col-md-6 h-col-12 style-776-outer style-local-4546-c4-outer\">\n            <div data-colibri-id=\"4546-c4\" class=\"d-flex h-flex-basis h-column__inner h-px-lg-0 h-px-md-0 h-px-0 v-inner-lg-0 v-inner-md-0 v-inner-0 style-776 style-local-4546-c4 position-relative\">\n              <!---->\n              <!---->\n              <div class=\"w-100 h-y-container h-column__content h-column__v-align flex-basis-100 align-self-lg-start align-self-md-start align-self-start\">\n                <!---->\n                <div data-colibri-id=\"4546-c5\" class=\"d-block style-777 style-local-4546-c5 position-relative h-element\">\n                  <!---->\n                  <div class=\"h-image__frame-container-outer\">\n                    <div class=\"h-image__frame-container\">\n                      <!---->\n                      <!---->\n                      <img data-recalc-dims=\"1\" decoding=\"async\" src=\"https:\/\/i0.wp.com\/aeroclub-val-durance.fr\/wp-content\/uploads\/2020\/03\/cropped-cropped-AAVD-CD-scaled-1.jpg\" class=\"wp-image-4549 style-777-image style-local-4546-c5-image\" alt=\"Pierre Gilaber - Pr\u00e9sident de l&#039;AVD\" \/>\n                      <div class=\"h-image__frame h-hide-lg h-hide-md h-hide-sm style-777-frameImage style-local-4546-c5-frameImage\"><\/div>\n                    <\/div>\n                  <\/div>\n                <\/div>\n                <div data-colibri-id=\"4546-c6\" class=\"h-row-container gutters-row-lg-0 gutters-row-md-0 gutters-row-0 gutters-row-v-lg-0 gutters-row-v-md-0 gutters-row-v-0 style-778 style-local-4546-c6 position-relative\">\n                  <!---->\n                  <div class=\"h-row justify-content-lg-center justify-content-md-center justify-content-center align-items-lg-stretch align-items-md-stretch align-items-stretch gutters-col-lg-0 gutters-col-md-0 gutters-col-0 gutters-col-v-lg-0 gutters-col-v-md-0 gutters-col-v-0\">\n                    <!---->\n                    <div class=\"h-column h-column-container d-flex h-col-lg-auto h-col-md-auto h-col-auto style-779-outer style-local-4546-c7-outer\">\n                      <div data-colibri-id=\"4546-c7\" class=\"d-flex h-flex-basis h-column__inner h-px-lg-2 h-px-md-2 h-px-2 v-inner-lg-2 v-inner-md-2 v-inner-2 style-779 style-local-4546-c7 position-relative\">\n                        <!---->\n                        <!---->\n                        <div class=\"w-100 h-y-container h-column__content h-column__v-align flex-basis-100 align-self-lg-start align-self-md-start align-self-start\">\n                          <!---->\n                          <div data-colibri-id=\"4546-c8\" class=\"h-global-transition-all h-heading style-780 style-local-4546-c8 position-relative h-element\">\n                            <!---->\n                            <div class=\"h-heading__outer style-780 style-local-4546-c8\">\n                              <!---->\n                              <!---->\n                              <h4 class=\"\">Pr\u00e9sident<\/h4>\n                            <\/div>\n                          <\/div>\n                          <div data-colibri-id=\"4546-c9\" class=\"h-text h-text-component style-781 style-local-4546-c9 position-relative h-element\">\n                            <!---->\n                            <!---->\n                            <div class=\"\">\n                              <p>Pierre Gilaber\n                                <br>\n                              <\/p>\n                            <\/div>\n                          <\/div>\n                        <\/div>\n                      <\/div>\n                    <\/div>\n                  <\/div>\n                <\/div>\n              <\/div>\n            <\/div>\n          <\/div>\n          <div class=\"h-column h-column-container d-flex h-col-lg-3 h-col-md-6 h-col-12 style-776-outer style-local-4546-c10-outer\">\n            <div data-colibri-id=\"4546-c10\" class=\"d-flex h-flex-basis h-column__inner h-px-lg-0 h-px-md-0 h-px-0 v-inner-lg-0 v-inner-md-0 v-inner-0 style-776 style-local-4546-c10 position-relative\">\n              <!---->\n              <!---->\n              <div class=\"w-100 h-y-container h-column__content h-column__v-align flex-basis-100 align-self-lg-start align-self-md-start align-self-start\">\n                <!---->\n                <div data-colibri-id=\"4546-c11\" class=\"d-block style-777 style-local-4546-c11 position-relative h-element\">\n                  <!---->\n                  <div class=\"h-image__frame-container-outer\">\n                    <div class=\"h-image__frame-container\">\n                      <!---->\n                      <!---->\n                      <img data-recalc-dims=\"1\" loading=\"lazy\" decoding=\"async\" width=\"480\" height=\"600\" src=\"https:\/\/i0.wp.com\/aeroclub-val-durance.fr\/wp-content\/uploads\/2020\/03\/cropped-AAVD-CD-8-scaled-1-e1587992520552.jpg?resize=480%2C600\" class=\"wp-image-4551 style-777-image style-local-4546-c11-image\" alt=\"Fx Chardon\" \/>\n                      <div class=\"h-image__frame h-hide-lg h-hide-md h-hide-sm style-777-frameImage style-local-4546-c11-frameImage\"><\/div>\n                    <\/div>\n                  <\/div>\n                <\/div>\n                <div data-colibri-id=\"4546-c12\" class=\"h-row-container gutters-row-lg-0 gutters-row-md-0 gutters-row-0 gutters-row-v-lg-0 gutters-row-v-md-0 gutters-row-v-0 style-778 style-local-4546-c12 position-relative\">\n                  <!---->\n                  <div class=\"h-row justify-content-lg-center justify-content-md-center justify-content-center align-items-lg-stretch align-items-md-stretch align-items-stretch gutters-col-lg-0 gutters-col-md-0 gutters-col-0 gutters-col-v-lg-0 gutters-col-v-md-0 gutters-col-v-0\">\n                    <!---->\n                    <div class=\"h-column h-column-container d-flex h-col-lg-auto h-col-md-auto h-col-auto style-779-outer style-local-4546-c13-outer\">\n                      <div data-colibri-id=\"4546-c13\" class=\"d-flex h-flex-basis h-column__inner h-px-lg-2 h-px-md-2 h-px-2 v-inner-lg-2 v-inner-md-2 v-inner-2 style-779 style-local-4546-c13 position-relative\">\n                        <!---->\n                        <!---->\n                        <div class=\"w-100 h-y-container h-column__content h-column__v-align flex-basis-100 align-self-lg-start align-self-md-start align-self-start\">\n                          <!---->\n                          <div data-colibri-id=\"4546-c14\" class=\"h-global-transition-all h-heading style-780 style-local-4546-c14 position-relative h-element\">\n                            <!---->\n                            <div class=\"h-heading__outer style-780 style-local-4546-c14\">\n                              <!---->\n                              <!---->\n                              <h4 class=\"\">Secr\u00e9taire et Correspondant Pr\u00e9vention-s\u00e9curit\u00e9<\/h4>\n                            <\/div>\n                          <\/div>\n                          <div data-colibri-id=\"4546-c15\" class=\"h-text h-text-component style-781 style-local-4546-c15 position-relative h-element\">\n                            <!---->\n                            <!---->\n                            <div class=\"\">\n                              <p>FX Chardon\n                                <br>\n                              <\/p>\n                            <\/div>\n                          <\/div>\n                        <\/div>\n                      <\/div>\n                    <\/div>\n                  <\/div>\n                <\/div>\n              <\/div>\n            <\/div>\n          <\/div>\n          <div class=\"h-column h-column-container d-flex h-col-lg-3 h-col-md-6 h-col-12 style-776-outer style-local-4546-c16-outer\">\n            <div data-colibri-id=\"4546-c16\" class=\"d-flex h-flex-basis h-column__inner h-px-lg-0 h-px-md-0 h-px-0 v-inner-lg-0 v-inner-md-0 v-inner-0 style-776 style-local-4546-c16 position-relative\">\n              <!---->\n              <!---->\n              <div class=\"w-100 h-y-container h-column__content h-column__v-align flex-basis-100 align-self-lg-start align-self-md-start align-self-start\">\n                <!---->\n                <div data-colibri-id=\"4546-c17\" class=\"d-block style-777 style-local-4546-c17 position-relative h-element\">\n                  <!---->\n                  <div class=\"h-image__frame-container-outer\">\n                    <div class=\"h-image__frame-container\">\n                      <!---->\n                      <!---->\n                      <img data-recalc-dims=\"1\" loading=\"lazy\" decoding=\"async\" width=\"899\" height=\"899\" src=\"https:\/\/i0.wp.com\/aeroclub-val-durance.fr\/wp-content\/uploads\/2022\/07\/cropped-Smiley-1.png?resize=899%2C899\" class=\"wp-image-7073 style-777-image style-local-4546-c17-image\" alt=\"\" srcset=\"https:\/\/i0.wp.com\/aeroclub-val-durance.fr\/wp-content\/uploads\/2022\/07\/cropped-Smiley-1.png?w=899&amp;ssl=1 899w, https:\/\/i0.wp.com\/aeroclub-val-durance.fr\/wp-content\/uploads\/2022\/07\/cropped-Smiley-1.png?resize=300%2C300&amp;ssl=1 300w, https:\/\/i0.wp.com\/aeroclub-val-durance.fr\/wp-content\/uploads\/2022\/07\/cropped-Smiley-1.png?resize=150%2C150&amp;ssl=1 150w, https:\/\/i0.wp.com\/aeroclub-val-durance.fr\/wp-content\/uploads\/2022\/07\/cropped-Smiley-1.png?resize=768%2C768&amp;ssl=1 768w\" sizes=\"auto, (max-width: 899px) 100vw, 899px\" \/>\n                      <div class=\"h-image__frame h-hide-lg h-hide-md h-hide-sm style-777-frameImage style-local-4546-c17-frameImage\"><\/div>\n                    <\/div>\n                  <\/div>\n                <\/div>\n                <div data-colibri-id=\"4546-c18\" class=\"h-row-container gutters-row-lg-0 gutters-row-md-0 gutters-row-0 gutters-row-v-lg-0 gutters-row-v-md-0 gutters-row-v-0 style-778 style-local-4546-c18 position-relative\">\n                  <!---->\n                  <div class=\"h-row justify-content-lg-center justify-content-md-center justify-content-center align-items-lg-stretch align-items-md-stretch align-items-stretch gutters-col-lg-0 gutters-col-md-0 gutters-col-0 gutters-col-v-lg-0 gutters-col-v-md-0 gutters-col-v-0\">\n                    <!---->\n                    <div class=\"h-column h-column-container d-flex h-col-lg-auto h-col-md-auto h-col-auto style-779-outer style-local-4546-c19-outer\">\n                      <div data-colibri-id=\"4546-c19\" class=\"d-flex h-flex-basis h-column__inner h-px-lg-2 h-px-md-2 h-px-2 v-inner-lg-2 v-inner-md-2 v-inner-2 style-779 style-local-4546-c19 position-relative\">\n                        <!---->\n                        <!---->\n                        <div class=\"w-100 h-y-container h-column__content h-column__v-align flex-basis-100 align-self-lg-start align-self-md-start align-self-start\">\n                          <!---->\n                          <div data-colibri-id=\"4546-c20\" class=\"h-global-transition-all h-heading style-780 style-local-4546-c20 position-relative h-element\">\n                            <!---->\n                            <div class=\"h-heading__outer style-780 style-local-4546-c20\">\n                              <!---->\n                              <!---->\n                              <h4 class=\"\">Tr\u00e9sorier<\/h4>\n                            <\/div>\n                          <\/div>\n                          <div data-colibri-id=\"4546-c21\" class=\"h-text h-text-component style-781 style-local-4546-c21 position-relative h-element\">\n                            <!---->\n                            <!---->\n                            <div class=\"\">\n                              <p>Rapha\u00ebl Michel\n                                <br>\n                              <\/p>\n                            <\/div>\n                          <\/div>\n                        <\/div>\n                      <\/div>\n                    <\/div>\n                  <\/div>\n                <\/div>\n              <\/div>\n            <\/div>\n          <\/div>\n          <div class=\"h-column h-column-container d-flex h-col-lg-3 h-col-md-6 h-col-12 style-776-outer style-local-4546-c22-outer\">\n            <div data-colibri-id=\"4546-c22\" class=\"d-flex h-flex-basis h-column__inner h-px-lg-0 h-px-md-0 h-px-0 v-inner-lg-0 v-inner-md-0 v-inner-0 style-776 style-local-4546-c22 position-relative\">\n              <!---->\n              <!---->\n              <div class=\"w-100 h-y-container h-column__content h-column__v-align flex-basis-100 align-self-lg-start align-self-md-start align-self-start\">\n                <!---->\n                <div data-colibri-id=\"4546-c23\" class=\"d-block style-777 style-local-4546-c23 position-relative h-element\">\n                  <!---->\n                  <div class=\"h-image__frame-container-outer\">\n                    <div class=\"h-image__frame-container\">\n                      <!---->\n                      <!---->\n                      <img data-recalc-dims=\"1\" loading=\"lazy\" decoding=\"async\" width=\"484\" height=\"600\" src=\"https:\/\/i0.wp.com\/aeroclub-val-durance.fr\/wp-content\/uploads\/2020\/03\/cropped-AAVD-CD-28-1-scaled-1-e1587993288433.jpg?resize=484%2C600\" class=\"wp-image-4574 style-777-image style-local-4546-c23-image\" alt=\"Olivier Cussac\" \/>\n                      <div class=\"h-image__frame h-hide-lg h-hide-md h-hide-sm style-777-frameImage style-local-4546-c23-frameImage\"><\/div>\n                    <\/div>\n                  <\/div>\n                <\/div>\n                <div data-colibri-id=\"4546-c24\" class=\"h-row-container gutters-row-lg-0 gutters-row-md-0 gutters-row-0 gutters-row-v-lg-0 gutters-row-v-md-0 gutters-row-v-0 style-778 style-local-4546-c24 position-relative\">\n                  <!---->\n                  <div class=\"h-row justify-content-lg-center justify-content-md-center justify-content-center align-items-lg-stretch align-items-md-stretch align-items-stretch gutters-col-lg-0 gutters-col-md-0 gutters-col-0 gutters-col-v-lg-0 gutters-col-v-md-0 gutters-col-v-0\">\n                    <!---->\n                    <div class=\"h-column h-column-container d-flex h-col-lg-auto h-col-md-auto h-col-auto style-779-outer style-local-4546-c25-outer\">\n                      <div data-colibri-id=\"4546-c25\" class=\"d-flex h-flex-basis h-column__inner h-px-lg-2 h-px-md-2 h-px-2 v-inner-lg-2 v-inner-md-2 v-inner-2 style-779 style-local-4546-c25 position-relative\">\n                        <!---->\n                        <!---->\n                        <div class=\"w-100 h-y-container h-column__content h-column__v-align flex-basis-100 align-self-lg-start align-self-md-start align-self-start\">\n                          <!---->\n                          <div data-colibri-id=\"4546-c26\" class=\"h-global-transition-all h-heading style-780 style-local-4546-c26 position-relative h-element\">\n                            <!---->\n                            <div class=\"h-heading__outer style-780 style-local-4546-c26\">\n                              <!---->\n                              <!---->\n                              <h4 class=\"\">Tr\u00e9sorier adjoint<\/h4>\n                            <\/div>\n                          <\/div>\n                          <div data-colibri-id=\"4546-c27\" class=\"h-text h-text-component style-781 style-local-4546-c27 position-relative h-element\">\n                            <!---->\n                            <!---->\n                            <div class=\"\">\n                              <p>Olivier Cussac\n                                <br>\n                              <\/p>\n                            <\/div>\n                          <\/div>\n                        <\/div>\n                      <\/div>\n                    <\/div>\n                  <\/div>\n                <\/div>\n              <\/div>\n            <\/div>\n          <\/div>\n        <\/div>\n      <\/div>\n    <\/div>\n  <\/div>\n  <div data-colibri-component=\"section\" data-colibri-id=\"4546-c32\" id=\"team-2\" class=\"h-section h-section-global-spacing d-flex align-items-lg-center align-items-md-center align-items-center style-793 style-local-4546-c32 position-relative\">\n    <!---->\n    <!---->\n    <div class=\"h-section-grid-container h-section-boxed-container\">\n      <div data-colibri-id=\"4546-c51\" class=\"h-row-container gutters-row-lg-2 gutters-row-md-2 gutters-row-0 gutters-row-v-lg-2 gutters-row-v-md-2 gutters-row-v-2 style-807 style-local-4546-c51 position-relative\">\n        <!---->\n        <div class=\"h-row justify-content-lg-center justify-content-md-center justify-content-center align-items-lg-stretch align-items-md-stretch align-items-stretch gutters-col-lg-2 gutters-col-md-2 gutters-col-0 gutters-col-v-lg-2 gutters-col-v-md-2 gutters-col-v-2\">\n          <!---->\n          <div class=\"h-column h-column-container d-flex h-col-lg-auto h-col-md-auto h-col-auto style-808-outer style-local-4546-c52-outer\">\n            <div data-colibri-id=\"4546-c52\" class=\"d-flex h-flex-basis h-column__inner h-px-lg-2 h-px-md-2 h-px-2 v-inner-lg-2 v-inner-md-2 v-inner-2 style-808 style-local-4546-c52 position-relative\">\n              <!---->\n              <!---->\n              <div class=\"w-100 h-y-container h-column__content h-column__v-align flex-basis-100 align-self-lg-start align-self-md-start align-self-start\">\n                <!---->\n                <div data-colibri-id=\"4546-c53\" class=\"h-global-transition-all h-heading style-809 style-local-4546-c53 position-relative h-element\">\n                  <!---->\n                  <div class=\"h-heading__outer style-809 style-local-4546-c53\">\n                    <!---->\n                    <!---->\n                    <h2 class=\"\">Le Comit\u00e9 Directeur<\/h2>\n                  <\/div>\n                <\/div>\n                <div data-colibri-id=\"4546-c54\" class=\"h-lead h-text h-text-component style-810 style-local-4546-c54 position-relative h-element\">\n                  <!---->\n                  <!---->\n                  <div class=\"\">\n                    <p>Le Comit\u00e9 Directeur est compos\u00e9 des membres du bureau et des membres ci-dessous\n                      <br>\n                    <\/p>\n                  <\/div>\n                <\/div>\n              <\/div>\n            <\/div>\n          <\/div>\n        <\/div>\n      <\/div>\n      <div data-colibri-id=\"4546-c33\" class=\"h-row-container gutters-row-lg-2 gutters-row-md-2 gutters-row-0 gutters-row-v-lg-2 gutters-row-v-md-2 gutters-row-v-2 style-794 style-local-4546-c33 position-relative\">\n        <!---->\n        <div class=\"h-row justify-content-lg-center justify-content-md-center justify-content-center align-items-lg-stretch align-items-md-stretch align-items-stretch gutters-col-lg-2 gutters-col-md-2 gutters-col-0 gutters-col-v-lg-2 gutters-col-v-md-2 gutters-col-v-2\">\n          <!---->\n          <div class=\"h-column h-column-container d-flex h-col-lg-3 h-col-md-6 h-col-12 style-795-outer style-local-4546-c34-outer\">\n            <div data-colibri-id=\"4546-c34\" class=\"d-flex h-flex-basis h-column__inner h-px-lg-0 h-px-md-0 h-px-0 v-inner-lg-0 v-inner-md-0 v-inner-0 style-795 style-local-4546-c34 position-relative\">\n              <!---->\n              <!---->\n              <div class=\"w-100 h-y-container h-column__content h-column__v-align flex-basis-100 align-self-lg-start align-self-md-start align-self-start\">\n                <!---->\n                <div data-colibri-id=\"4546-c35\" class=\"d-block style-796 style-local-4546-c35 position-relative h-element\">\n                  <!---->\n                  <div class=\"h-image__frame-container-outer\">\n                    <div class=\"h-image__frame-container\">\n                      <!---->\n                      <!---->\n                      <img data-recalc-dims=\"1\" loading=\"lazy\" decoding=\"async\" width=\"899\" height=\"899\" src=\"https:\/\/i0.wp.com\/aeroclub-val-durance.fr\/wp-content\/uploads\/2022\/07\/cropped-Smiley-1.png?resize=899%2C899\" class=\"wp-image-7073 style-796-image style-local-4546-c35-image\" alt=\"\" srcset=\"https:\/\/i0.wp.com\/aeroclub-val-durance.fr\/wp-content\/uploads\/2022\/07\/cropped-Smiley-1.png?w=899&amp;ssl=1 899w, https:\/\/i0.wp.com\/aeroclub-val-durance.fr\/wp-content\/uploads\/2022\/07\/cropped-Smiley-1.png?resize=300%2C300&amp;ssl=1 300w, https:\/\/i0.wp.com\/aeroclub-val-durance.fr\/wp-content\/uploads\/2022\/07\/cropped-Smiley-1.png?resize=150%2C150&amp;ssl=1 150w, https:\/\/i0.wp.com\/aeroclub-val-durance.fr\/wp-content\/uploads\/2022\/07\/cropped-Smiley-1.png?resize=768%2C768&amp;ssl=1 768w\" sizes=\"auto, (max-width: 899px) 100vw, 899px\" \/>\n                      <div class=\"h-image__frame h-hide-lg h-hide-md h-hide-sm style-796-frameImage style-local-4546-c35-frameImage\"><\/div>\n                    <\/div>\n                  <\/div>\n                <\/div>\n                <div data-colibri-id=\"4546-c36\" class=\"h-global-transition-all h-heading style-797 style-local-4546-c36 position-relative h-element\">\n                  <!---->\n                  <div class=\"h-heading__outer style-797 style-local-4546-c36\">\n                    <!---->\n                    <!---->\n                    <h4 class=\"\">Gilles Ayme<\/h4>\n                  <\/div>\n                <\/div>\n                <div data-colibri-id=\"4546-c37\" class=\"h-text h-text-component style-798 style-local-4546-c37 position-relative h-element\">\n                  <!---->\n                  <!---->\n                  <div class=\"\">\n                    <p>Retrait\u00e9<\/p>\n                  <\/div>\n                <\/div>\n              <\/div>\n            <\/div>\n          <\/div>\n          <div class=\"h-column h-column-container d-flex h-col-lg-3 h-col-md-6 h-col-12 style-795-outer style-local-4546-c38-outer\">\n            <div data-colibri-id=\"4546-c38\" class=\"d-flex h-flex-basis h-column__inner h-px-lg-0 h-px-md-0 h-px-0 v-inner-lg-0 v-inner-md-0 v-inner-0 style-795 style-local-4546-c38 position-relative\">\n              <!---->\n              <!---->\n              <div class=\"w-100 h-y-container h-column__content h-column__v-align flex-basis-100 align-self-lg-start align-self-md-start align-self-start\">\n                <!---->\n                <div data-colibri-id=\"4546-c39\" class=\"d-block style-801 style-local-4546-c39 position-relative h-element\">\n                  <!---->\n                  <div class=\"h-image__frame-container-outer\">\n                    <div class=\"h-image__frame-container\">\n                      <!---->\n                      <!---->\n                      <img data-recalc-dims=\"1\" loading=\"lazy\" decoding=\"async\" width=\"482\" height=\"600\" src=\"https:\/\/i0.wp.com\/aeroclub-val-durance.fr\/wp-content\/uploads\/2020\/03\/cropped-AAVD-CD-4-1-scaled-1-e1587993824780.jpg?resize=482%2C600\" class=\"wp-image-4583 style-801-image style-local-4546-c39-image\" alt=\"Xavier Guerraz\" \/>\n                      <div class=\"h-image__frame h-hide-lg h-hide-md h-hide-sm style-801-frameImage style-local-4546-c39-frameImage\"><\/div>\n                    <\/div>\n                  <\/div>\n                <\/div>\n                <div data-colibri-id=\"4546-c40\" class=\"h-global-transition-all h-heading style-797 style-local-4546-c40 position-relative h-element\">\n                  <!---->\n                  <div class=\"h-heading__outer style-797 style-local-4546-c40\">\n                    <!---->\n                    <!---->\n                    <h4 class=\"\">Xavier Guerraz<\/h4>\n                  <\/div>\n                <\/div>\n                <div data-colibri-id=\"4546-c41\" class=\"h-text h-text-component style-798 style-local-4546-c41 position-relative h-element\">\n                  <!---->\n                  <!---->\n                  <div class=\"\">\n                    <p>Pilote Professionnel\n                      <br>\n                    <\/p>\n                  <\/div>\n                <\/div>\n                <div data-colibri-id=\"4546-c42\" class=\"h-text h-text-component style-799 style-local-4546-c42 position-relative h-element\">\n                  <!---->\n                  <!---->\n                  <div class=\"\">\n                    <p>Responsable p\u00e9dagogique<\/p>\n                  <\/div>\n                <\/div>\n              <\/div>\n            <\/div>\n          <\/div>\n        <\/div>\n      <\/div>\n    <\/div>\n  <\/div>\n  <div data-colibri-component=\"section\" data-colibri-id=\"4546-c55\" id=\"team-3\" class=\"h-section h-section-global-spacing d-flex align-items-lg-center align-items-md-center align-items-center style-811 style-local-4546-c55 position-relative\">\n    <!---->\n    <!---->\n    <div class=\"h-section-grid-container h-section-boxed-container\">\n      <div data-colibri-id=\"4546-c63\" class=\"h-row-container gutters-row-lg-2 gutters-row-md-2 gutters-row-0 gutters-row-v-lg-2 gutters-row-v-md-2 gutters-row-v-2 style-825 style-local-4546-c63 position-relative\">\n        <!---->\n        <div class=\"h-row justify-content-lg-center justify-content-md-center justify-content-center align-items-lg-stretch align-items-md-stretch align-items-stretch gutters-col-lg-2 gutters-col-md-2 gutters-col-0 gutters-col-v-lg-2 gutters-col-v-md-2 gutters-col-v-2\">\n          <!---->\n          <div class=\"h-column h-column-container d-flex h-col-lg-auto h-col-md-auto h-col-auto style-826-outer style-local-4546-c64-outer\">\n            <div data-colibri-id=\"4546-c64\" class=\"d-flex h-flex-basis h-column__inner h-px-lg-2 h-px-md-2 h-px-2 v-inner-lg-2 v-inner-md-2 v-inner-2 style-826 style-local-4546-c64 position-relative\">\n              <!---->\n              <!---->\n              <div class=\"w-100 h-y-container h-column__content h-column__v-align flex-basis-100 align-self-lg-start align-self-md-start align-self-start\">\n                <!---->\n                <div data-colibri-id=\"4546-c65\" class=\"h-global-transition-all h-heading style-827 style-local-4546-c65 position-relative h-element\">\n                  <!---->\n                  <div class=\"h-heading__outer style-827 style-local-4546-c65\">\n                    <!---->\n                    <!---->\n                    <h2 class=\"\">les instructeurs<\/h2>\n                  <\/div>\n                <\/div>\n                <div data-colibri-id=\"4546-c66\" class=\"h-lead h-text h-text-component style-828 style-local-4546-c66 position-relative h-element\">\n                  <!---->\n                  <!---->\n                  <div class=\"\">\n                    <p>2 instructeurs b\u00e9n\u00e9voles qualifi\u00e9s pour prendre en charge votre formation et votre maintien de comp\u00e9tences\n                      <br>\n                    <\/p>\n                  <\/div>\n                <\/div>\n              <\/div>\n            <\/div>\n          <\/div>\n        <\/div>\n      <\/div>\n      <div data-colibri-id=\"4546-c56\" class=\"h-row-container gutters-row-lg-2 gutters-row-md-2 gutters-row-0 gutters-row-v-lg-2 gutters-row-v-md-2 gutters-row-v-2 style-812 style-local-4546-c56 position-relative\">\n        <!---->\n        <div class=\"h-row justify-content-lg-center justify-content-md-center justify-content-center align-items-lg-stretch align-items-md-stretch align-items-stretch gutters-col-lg-2 gutters-col-md-2 gutters-col-0 gutters-col-v-lg-2 gutters-col-v-md-2 gutters-col-v-2\">\n          <!---->\n          <div class=\"h-column h-column-container d-flex h-col-lg-3 h-col-md-6 h-col-12 style-813-outer style-local-4546-c57-outer\">\n            <div data-colibri-id=\"4546-c57\" class=\"d-flex h-flex-basis h-column__inner h-px-lg-0 h-px-md-0 h-px-0 v-inner-lg-0 v-inner-md-0 v-inner-0 style-813 style-local-4546-c57 position-relative\">\n              <!---->\n              <!---->\n              <div class=\"w-100 h-y-container h-column__content h-column__v-align flex-basis-100 align-self-lg-start align-self-md-start align-self-start\">\n                <!---->\n                <div data-colibri-id=\"4546-c58\" class=\"d-block style-814 style-local-4546-c58 position-relative h-element\">\n                  <!---->\n                  <div class=\"h-image__frame-container-outer\">\n                    <div class=\"h-image__frame-container\">\n                      <!---->\n                      <!---->\n                      <img data-recalc-dims=\"1\" loading=\"lazy\" decoding=\"async\" width=\"600\" height=\"450\" src=\"https:\/\/i0.wp.com\/aeroclub-val-durance.fr\/wp-content\/uploads\/2020\/03\/P1000725-scaled-e1587994438215.jpg?resize=600%2C450\" class=\"wp-image-4572 style-814-image style-local-4546-c58-image\" alt=\"Pierre Gilaber\" \/>\n                      <div class=\"h-image__frame h-hide-lg h-hide-md h-hide-sm style-814-frameImage style-local-4546-c58-frameImage\"><\/div>\n                    <\/div>\n                  <\/div>\n                <\/div>\n                <div data-colibri-id=\"4546-c59\" class=\"h-global-transition-all h-heading style-815 style-local-4546-c59 position-relative h-element\">\n                  <!---->\n                  <div class=\"h-heading__outer style-815 style-local-4546-c59\">\n                    <!---->\n                    <!---->\n                    <h4 class=\"\">Pierre Gilaber<\/h4>\n                  <\/div>\n                <\/div>\n              <\/div>\n            <\/div>\n          <\/div>\n          <div class=\"h-column h-column-container d-flex h-col-lg-3 h-col-md-6 h-col-12 style-813-outer style-local-4546-c60-outer\">\n            <div data-colibri-id=\"4546-c60\" class=\"d-flex h-flex-basis h-column__inner h-px-lg-0 h-px-md-0 h-px-0 v-inner-lg-0 v-inner-md-0 v-inner-0 style-813 style-local-4546-c60 position-relative\">\n              <!---->\n              <!---->\n              <div class=\"w-100 h-y-container h-column__content h-column__v-align flex-basis-100 align-self-lg-start align-self-md-start align-self-start\">\n                <!---->\n                <div data-colibri-id=\"4546-c61\" class=\"d-block style-819 style-local-4546-c61 position-relative h-element\">\n                  <!---->\n                  <div class=\"h-image__frame-container-outer\">\n                    <div class=\"h-image__frame-container\">\n                      <!---->\n                      <!---->\n                      <img data-recalc-dims=\"1\" loading=\"lazy\" decoding=\"async\" width=\"399\" height=\"390\" src=\"https:\/\/i0.wp.com\/aeroclub-val-durance.fr\/wp-content\/uploads\/2016\/02\/cropped-cropped-thumb_vol_BIA2.png?resize=399%2C390\" class=\"wp-image-4571 style-819-image style-local-4546-c61-image\" alt=\"\" srcset=\"https:\/\/i0.wp.com\/aeroclub-val-durance.fr\/wp-content\/uploads\/2016\/02\/cropped-cropped-thumb_vol_BIA2.png?w=399&amp;ssl=1 399w, https:\/\/i0.wp.com\/aeroclub-val-durance.fr\/wp-content\/uploads\/2016\/02\/cropped-cropped-thumb_vol_BIA2.png?resize=300%2C293&amp;ssl=1 300w\" sizes=\"auto, (max-width: 399px) 100vw, 399px\" \/>\n                      <div class=\"h-image__frame h-hide-lg h-hide-md h-hide-sm style-819-frameImage style-local-4546-c61-frameImage\"><\/div>\n                    <\/div>\n                  <\/div>\n                <\/div>\n                <div data-colibri-id=\"4546-c62\" class=\"h-global-transition-all h-heading style-815 style-local-4546-c62 position-relative h-element\">\n                  <!---->\n                  <div class=\"h-heading__outer style-815 style-local-4546-c62\">\n                    <!---->\n                    <!---->\n                    <h4 class=\"\">Xavier Guerraz<\/h4>\n                  <\/div>\n                <\/div>\n              <\/div>\n            <\/div>\n          <\/div>\n        <\/div>\n      <\/div>\n    <\/div>\n  <\/div>\n<\/div>","protected":false},"excerpt":{"rendered":"<p>Le Bureau Directeur L&rsquo;a\u00e9roclub Val de Durance est administr\u00e9 par un Comit\u00e9 Directeur compos\u00e9 du Bureau Directeur et de 2 membres. Tous sont \u00e9lus par l&rsquo;Assembl\u00e9e G\u00e9n\u00e9rale. Le mandat est de 4 ans Pr\u00e9sident Pierre Gilaber Secr\u00e9taire et Correspondant Pr\u00e9vention-s\u00e9curit\u00e9 FX Chardon Tr\u00e9sorier Rapha\u00ebl Michel Tr\u00e9sorier adjoint Olivier Cussac Le Comit\u00e9 Directeur Le Comit\u00e9 Directeur [&hellip;]<\/p>\n","protected":false},"author":1,"featured_media":0,"parent":0,"menu_order":0,"comment_status":"closed","ping_status":"closed","template":"page-templates\/full-width-page.php","meta":{"footnotes":""},"class_list":["post-4546","page","type-page","status-publish","hentry"],"yoast_head":"<!-- This site is optimized with the Yoast SEO plugin v24.9 - https:\/\/yoast.com\/wordpress\/plugins\/seo\/ -->\n<title>Equipe - A\u00e9roclub Val de Durance<\/title>\n<meta name=\"robots\" content=\"index, follow, max-snippet:-1, max-image-preview:large, max-video-preview:-1\" \/>\n<link rel=\"canonical\" href=\"http:\/\/aeroclub-val-durance.fr\/index.php\/equipe\/\" \/>\n<meta property=\"og:locale\" content=\"fr_FR\" \/>\n<meta property=\"og:type\" content=\"article\" \/>\n<meta property=\"og:title\" content=\"Equipe - A\u00e9roclub Val de Durance\" \/>\n<meta property=\"og:description\" content=\"Le Bureau Directeur L&rsquo;a\u00e9roclub Val de Durance est administr\u00e9 par un Comit\u00e9 Directeur compos\u00e9 du Bureau Directeur et de 2 membres. Tous sont \u00e9lus par l&rsquo;Assembl\u00e9e G\u00e9n\u00e9rale. Le mandat est de 4 ans Pr\u00e9sident Pierre Gilaber Secr\u00e9taire et Correspondant Pr\u00e9vention-s\u00e9curit\u00e9 FX Chardon Tr\u00e9sorier Rapha\u00ebl Michel Tr\u00e9sorier adjoint Olivier Cussac Le Comit\u00e9 Directeur Le Comit\u00e9 Directeur [&hellip;]\" \/>\n<meta property=\"og:url\" content=\"http:\/\/aeroclub-val-durance.fr\/index.php\/equipe\/\" \/>\n<meta property=\"og:site_name\" content=\"A\u00e9roclub Val de Durance\" \/>\n<meta property=\"article:publisher\" content=\"https:\/\/www.facebook.com\/aavdgaptallard\/?ref=bookmarks\" \/>\n<meta property=\"article:modified_time\" content=\"2022-07-28T19:10:05+00:00\" \/>\n<meta property=\"og:image\" content=\"http:\/\/aeroclub-val-durance.fr\/wp-content\/uploads\/2020\/03\/cropped-cropped-AAVD-CD-scaled-1.jpg\" \/>\n<meta name=\"twitter:card\" content=\"summary_large_image\" \/>\n<meta name=\"twitter:label1\" content=\"Dur\u00e9e de lecture estim\u00e9e\" \/>\n\t<meta name=\"twitter:data1\" content=\"1 minute\" \/>\n<script type=\"application\/ld+json\" class=\"yoast-schema-graph\">{\"@context\":\"https:\/\/schema.org\",\"@graph\":[{\"@type\":\"WebPage\",\"@id\":\"http:\/\/aeroclub-val-durance.fr\/index.php\/equipe\/\",\"url\":\"http:\/\/aeroclub-val-durance.fr\/index.php\/equipe\/\",\"name\":\"Equipe - A\u00e9roclub Val de Durance\",\"isPartOf\":{\"@id\":\"https:\/\/aeroclub-val-durance.fr\/#website\"},\"primaryImageOfPage\":{\"@id\":\"http:\/\/aeroclub-val-durance.fr\/index.php\/equipe\/#primaryimage\"},\"image\":{\"@id\":\"http:\/\/aeroclub-val-durance.fr\/index.php\/equipe\/#primaryimage\"},\"thumbnailUrl\":\"http:\/\/aeroclub-val-durance.fr\/wp-content\/uploads\/2020\/03\/cropped-cropped-AAVD-CD-scaled-1.jpg\",\"datePublished\":\"2020-03-29T14:56:59+00:00\",\"dateModified\":\"2022-07-28T19:10:05+00:00\",\"breadcrumb\":{\"@id\":\"http:\/\/aeroclub-val-durance.fr\/index.php\/equipe\/#breadcrumb\"},\"inLanguage\":\"fr-FR\",\"potentialAction\":[{\"@type\":\"ReadAction\",\"target\":[\"http:\/\/aeroclub-val-durance.fr\/index.php\/equipe\/\"]}]},{\"@type\":\"ImageObject\",\"inLanguage\":\"fr-FR\",\"@id\":\"http:\/\/aeroclub-val-durance.fr\/index.php\/equipe\/#primaryimage\",\"url\":\"http:\/\/aeroclub-val-durance.fr\/wp-content\/uploads\/2020\/03\/cropped-cropped-AAVD-CD-scaled-1.jpg\",\"contentUrl\":\"http:\/\/aeroclub-val-durance.fr\/wp-content\/uploads\/2020\/03\/cropped-cropped-AAVD-CD-scaled-1.jpg\"},{\"@type\":\"BreadcrumbList\",\"@id\":\"http:\/\/aeroclub-val-durance.fr\/index.php\/equipe\/#breadcrumb\",\"itemListElement\":[{\"@type\":\"ListItem\",\"position\":1,\"name\":\"Accueil\",\"item\":\"https:\/\/aeroclub-val-durance.fr\/\"},{\"@type\":\"ListItem\",\"position\":2,\"name\":\"Equipe\"}]},{\"@type\":\"WebSite\",\"@id\":\"https:\/\/aeroclub-val-durance.fr\/#website\",\"url\":\"https:\/\/aeroclub-val-durance.fr\/\",\"name\":\"A\u00e9roclub Val de Durance\",\"description\":\"Ecole de pilotage | Gap-Tallard\",\"publisher\":{\"@id\":\"https:\/\/aeroclub-val-durance.fr\/#organization\"},\"potentialAction\":[{\"@type\":\"SearchAction\",\"target\":{\"@type\":\"EntryPoint\",\"urlTemplate\":\"https:\/\/aeroclub-val-durance.fr\/?s={search_term_string}\"},\"query-input\":{\"@type\":\"PropertyValueSpecification\",\"valueRequired\":true,\"valueName\":\"search_term_string\"}}],\"inLanguage\":\"fr-FR\"},{\"@type\":\"Organization\",\"@id\":\"https:\/\/aeroclub-val-durance.fr\/#organization\",\"name\":\"A\u00e9roclub Val de Durance\",\"url\":\"https:\/\/aeroclub-val-durance.fr\/\",\"logo\":{\"@type\":\"ImageObject\",\"inLanguage\":\"fr-FR\",\"@id\":\"https:\/\/aeroclub-val-durance.fr\/#\/schema\/logo\/image\/\",\"url\":\"http:\/\/aeroclub-val-durance.fr\/wp-content\/uploads\/2020\/03\/logo_AAVD_transp-e1585070919426.png\",\"contentUrl\":\"http:\/\/aeroclub-val-durance.fr\/wp-content\/uploads\/2020\/03\/logo_AAVD_transp-e1585070919426.png\",\"width\":150,\"height\":147,\"caption\":\"A\u00e9roclub Val de Durance\"},\"image\":{\"@id\":\"https:\/\/aeroclub-val-durance.fr\/#\/schema\/logo\/image\/\"},\"sameAs\":[\"https:\/\/www.facebook.com\/aavdgaptallard\/?ref=bookmarks\",\"https:\/\/www.instagram.com\/aavd05\/?hl=fr\",\"https:\/\/www.youtube.com\/channel\/UCcdqHD0aM77rSu-b7wrSdcQ\/videos\"]}]}<\/script>\n<!-- \/ Yoast SEO plugin. -->","yoast_head_json":{"title":"Equipe - A\u00e9roclub Val de Durance","robots":{"index":"index","follow":"follow","max-snippet":"max-snippet:-1","max-image-preview":"max-image-preview:large","max-video-preview":"max-video-preview:-1"},"canonical":"http:\/\/aeroclub-val-durance.fr\/index.php\/equipe\/","og_locale":"fr_FR","og_type":"article","og_title":"Equipe - A\u00e9roclub Val de Durance","og_description":"Le Bureau Directeur L&rsquo;a\u00e9roclub Val de Durance est administr\u00e9 par un Comit\u00e9 Directeur compos\u00e9 du Bureau Directeur et de 2 membres. Tous sont \u00e9lus par l&rsquo;Assembl\u00e9e G\u00e9n\u00e9rale. Le mandat est de 4 ans Pr\u00e9sident Pierre Gilaber Secr\u00e9taire et Correspondant Pr\u00e9vention-s\u00e9curit\u00e9 FX Chardon Tr\u00e9sorier Rapha\u00ebl Michel Tr\u00e9sorier adjoint Olivier Cussac Le Comit\u00e9 Directeur Le Comit\u00e9 Directeur [&hellip;]","og_url":"http:\/\/aeroclub-val-durance.fr\/index.php\/equipe\/","og_site_name":"A\u00e9roclub Val de Durance","article_publisher":"https:\/\/www.facebook.com\/aavdgaptallard\/?ref=bookmarks","article_modified_time":"2022-07-28T19:10:05+00:00","og_image":[{"url":"http:\/\/aeroclub-val-durance.fr\/wp-content\/uploads\/2020\/03\/cropped-cropped-AAVD-CD-scaled-1.jpg","type":"","width":"","height":""}],"twitter_card":"summary_large_image","twitter_misc":{"Dur\u00e9e de lecture estim\u00e9e":"1 minute"},"schema":{"@context":"https:\/\/schema.org","@graph":[{"@type":"WebPage","@id":"http:\/\/aeroclub-val-durance.fr\/index.php\/equipe\/","url":"http:\/\/aeroclub-val-durance.fr\/index.php\/equipe\/","name":"Equipe - A\u00e9roclub Val de Durance","isPartOf":{"@id":"https:\/\/aeroclub-val-durance.fr\/#website"},"primaryImageOfPage":{"@id":"http:\/\/aeroclub-val-durance.fr\/index.php\/equipe\/#primaryimage"},"image":{"@id":"http:\/\/aeroclub-val-durance.fr\/index.php\/equipe\/#primaryimage"},"thumbnailUrl":"http:\/\/aeroclub-val-durance.fr\/wp-content\/uploads\/2020\/03\/cropped-cropped-AAVD-CD-scaled-1.jpg","datePublished":"2020-03-29T14:56:59+00:00","dateModified":"2022-07-28T19:10:05+00:00","breadcrumb":{"@id":"http:\/\/aeroclub-val-durance.fr\/index.php\/equipe\/#breadcrumb"},"inLanguage":"fr-FR","potentialAction":[{"@type":"ReadAction","target":["http:\/\/aeroclub-val-durance.fr\/index.php\/equipe\/"]}]},{"@type":"ImageObject","inLanguage":"fr-FR","@id":"http:\/\/aeroclub-val-durance.fr\/index.php\/equipe\/#primaryimage","url":"http:\/\/aeroclub-val-durance.fr\/wp-content\/uploads\/2020\/03\/cropped-cropped-AAVD-CD-scaled-1.jpg","contentUrl":"http:\/\/aeroclub-val-durance.fr\/wp-content\/uploads\/2020\/03\/cropped-cropped-AAVD-CD-scaled-1.jpg"},{"@type":"BreadcrumbList","@id":"http:\/\/aeroclub-val-durance.fr\/index.php\/equipe\/#breadcrumb","itemListElement":[{"@type":"ListItem","position":1,"name":"Accueil","item":"https:\/\/aeroclub-val-durance.fr\/"},{"@type":"ListItem","position":2,"name":"Equipe"}]},{"@type":"WebSite","@id":"https:\/\/aeroclub-val-durance.fr\/#website","url":"https:\/\/aeroclub-val-durance.fr\/","name":"A\u00e9roclub Val de Durance","description":"Ecole de pilotage | Gap-Tallard","publisher":{"@id":"https:\/\/aeroclub-val-durance.fr\/#organization"},"potentialAction":[{"@type":"SearchAction","target":{"@type":"EntryPoint","urlTemplate":"https:\/\/aeroclub-val-durance.fr\/?s={search_term_string}"},"query-input":{"@type":"PropertyValueSpecification","valueRequired":true,"valueName":"search_term_string"}}],"inLanguage":"fr-FR"},{"@type":"Organization","@id":"https:\/\/aeroclub-val-durance.fr\/#organization","name":"A\u00e9roclub Val de Durance","url":"https:\/\/aeroclub-val-durance.fr\/","logo":{"@type":"ImageObject","inLanguage":"fr-FR","@id":"https:\/\/aeroclub-val-durance.fr\/#\/schema\/logo\/image\/","url":"http:\/\/aeroclub-val-durance.fr\/wp-content\/uploads\/2020\/03\/logo_AAVD_transp-e1585070919426.png","contentUrl":"http:\/\/aeroclub-val-durance.fr\/wp-content\/uploads\/2020\/03\/logo_AAVD_transp-e1585070919426.png","width":150,"height":147,"caption":"A\u00e9roclub Val de Durance"},"image":{"@id":"https:\/\/aeroclub-val-durance.fr\/#\/schema\/logo\/image\/"},"sameAs":["https:\/\/www.facebook.com\/aavdgaptallard\/?ref=bookmarks","https:\/\/www.instagram.com\/aavd05\/?hl=fr","https:\/\/www.youtube.com\/channel\/UCcdqHD0aM77rSu-b7wrSdcQ\/videos"]}]}},"jetpack_sharing_enabled":true,"_links":{"self":[{"href":"https:\/\/aeroclub-val-durance.fr\/index.php\/wp-json\/wp\/v2\/pages\/4546","targetHints":{"allow":["GET"]}}],"collection":[{"href":"https:\/\/aeroclub-val-durance.fr\/index.php\/wp-json\/wp\/v2\/pages"}],"about":[{"href":"https:\/\/aeroclub-val-durance.fr\/index.php\/wp-json\/wp\/v2\/types\/page"}],"author":[{"embeddable":true,"href":"https:\/\/aeroclub-val-durance.fr\/index.php\/wp-json\/wp\/v2\/users\/1"}],"replies":[{"embeddable":true,"href":"https:\/\/aeroclub-val-durance.fr\/index.php\/wp-json\/wp\/v2\/comments?post=4546"}],"version-history":[{"count":20,"href":"https:\/\/aeroclub-val-durance.fr\/index.php\/wp-json\/wp\/v2\/pages\/4546\/revisions"}],"predecessor-version":[{"id":7090,"href":"https:\/\/aeroclub-val-durance.fr\/index.php\/wp-json\/wp\/v2\/pages\/4546\/revisions\/7090"}],"wp:attachment":[{"href":"https:\/\/aeroclub-val-durance.fr\/index.php\/wp-json\/wp\/v2\/media?parent=4546"}],"curies":[{"name":"wp","href":"https:\/\/api.w.org\/{rel}","templated":true}]}}